

{"id":165,"date":"2022-04-22T18:49:06","date_gmt":"2022-04-22T18:49:06","guid":{"rendered":"http:\/\/bibliotecademo.xn--construyendotussueos-l7b.com\/?page_id=165"},"modified":"2025-07-13T18:09:38","modified_gmt":"2025-07-13T18:09:38","slug":"consejo-directivo-nacional-2015-2016","status":"publish","type":"page","link":"https:\/\/bibliotecologos.pe\/index.php\/consejo-directivo-nacional-2015-2016\/","title":{"rendered":"Consejo Directivo Nacional 2015-2016"},"content":{"rendered":"[et_pb_section admin_label=\u00bbsection\u00bb]\n\t\t\t[et_pb_row admin_label=\u00bbrow\u00bb]\n\t\t\t\t[et_pb_column type=\u00bb4_4&#8243;][et_pb_text admin_label=\u00bbText\u00bb]\n<h1 class=\"has-text-align-center wp-block-heading\"><strong>Consejo Directivo Nacional 2015-2016<\/strong><\/h1>\n\n\n\n<h2 class=\"has-text-align-center wp-block-heading\">\u00abProfesionales Construyendo la Sociedad del Conocimiento\u00bb<\/h2>\n\n\n\n<div class=\"wp-block-image is-style-default\"><figure class=\"aligncenter size-full\"><img loading=\"lazy\" decoding=\"async\" width=\"987\" height=\"400\" src=\"https:\/\/bibliotecologos.pe\/wp-content\/uploads\/2022\/11\/Consejo-Directivo-Nacional-2015-2016.jpg\" alt=\"\" class=\"wp-image-1268\" srcset=\"https:\/\/bibliotecologos.pe\/wp-content\/uploads\/2022\/11\/Consejo-Directivo-Nacional-2015-2016.jpg 987w, https:\/\/bibliotecologos.pe\/wp-content\/uploads\/2022\/11\/Consejo-Directivo-Nacional-2015-2016-980x397.jpg 980w, https:\/\/bibliotecologos.pe\/wp-content\/uploads\/2022\/11\/Consejo-Directivo-Nacional-2015-2016-480x195.jpg 480w\" sizes=\"(min-width: 0px) and (max-width: 480px) 480px, (min-width: 481px) and (max-width: 980px) 980px, (min-width: 981px) 987px, 100vw\" \/><figcaption>De izq. a der.: Luz Teller\u00eda, Catalina Zavala, Carmen V\u00edlchez, Lilian Maura, Ana Mar\u00eda Talavera, Carlos Rojas, Emma Camacho, Emily Fajardo, Mar\u00eda Isabel Merino<\/figcaption><\/figure><\/div>\n\n\n\n<div class=\"wp-block-columns is-layout-flex wp-container-core-columns-is-layout-1 wp-block-columns-is-layout-flex\">\n<div class=\"wp-block-column is-layout-flow wp-block-column-is-layout-flow\" style=\"flex-basis:33.33%\"><\/div>\n\n\n\n<div class=\"wp-block-column is-layout-flow wp-block-column-is-layout-flow\" style=\"flex-basis:66.66%\">\n<p>Mg. Lilian Antonieta Maura Tejeda \u2013 Decana Nacional<br>Mg. Ana Mar\u00eda Talavera Ibarra \u2013 Vice-Decana<br>Lic. Luz Amanda Teller\u00eda Segal\u00e1 \u2013 Secretaria general<br>Lic. Carmen Matilde Vilchez Polo \u2013 Direcci\u00f3n de Econom\u00eda<br>Lic. Catalina Meriluz Zavala Barrios \u2013 Direcci\u00f3n de Defensa Profesional<br>Lic. Mar\u00eda Isabel Merino G\u00f3mez \u2013 Direcci\u00f3n de Desarrollo Profesional<br>Lic. Emma del Carmen Camacho Gonzales \u2013 Direcci\u00f3n de Relaciones P\u00fablicas<br>Lic. Carlos Javier Rojas L\u00e1zaro \u2013 Direcci\u00f3n de Bienestar<br>Lic. Emily Rossana Fajardo Michelini \u2013 Direcci\u00f3n de Bibliotecas Documentaci\u00f3n e<\/p>\n<\/div>\n<\/div>\n\n\n\n<div style=\"height:100px\" aria-hidden=\"true\" class=\"wp-block-spacer\"><\/div>\n\r\n[\/et_pb_text][\/et_pb_column]\n\t\t\t[\/et_pb_row]\n\t\t[\/et_pb_section]","protected":false},"excerpt":{"rendered":"<p>[et_pb_section admin_label=\u00bbsection\u00bb] [et_pb_row admin_label=\u00bbrow\u00bb] [et_pb_column type=\u00bb4_4&#8243;][et_pb_text admin_label=\u00bbText\u00bb] Consejo Directivo Nacional 2015-2016 \u00abProfesionales Construyendo la Sociedad del Conocimiento\u00bb Mg. Lilian Antonieta Maura Tejeda \u2013 Decana NacionalMg. Ana Mar\u00eda Talavera Ibarra \u2013 Vice-DecanaLic. Luz Amanda Teller\u00eda Segal\u00e1 \u2013 Secretaria generalLic. Carmen Matilde Vilchez Polo \u2013 Direcci\u00f3n de Econom\u00edaLic. Catalina Meriluz Zavala Barrios \u2013 Direcci\u00f3n de Defensa ProfesionalLic. [&hellip;]<\/p>\n","protected":false},"author":4,"featured_media":0,"parent":0,"menu_order":0,"comment_status":"closed","ping_status":"closed","template":"","meta":{"_et_pb_use_builder":"on","_et_pb_old_content":"<!-- wp:heading {\"textAlign\":\"center\",\"level\":1} -->\n<h1 class=\"has-text-align-center\"><strong>Consejo Directivo Nacional 2015-2016<\/strong><\/h1>\n<!-- \/wp:heading -->\n\n<!-- wp:heading {\"textAlign\":\"center\"} -->\n<h2 class=\"has-text-align-center\">\"Profesionales Construyendo la Sociedad del Conocimiento\"<\/h2>\n<!-- \/wp:heading -->\n\n<!-- wp:image {\"align\":\"center\",\"id\":1268,\"sizeSlug\":\"full\",\"linkDestination\":\"none\",\"className\":\"is-style-default\"} -->\n<div class=\"wp-block-image is-style-default\"><figure class=\"aligncenter size-full\"><img src=\"https:\/\/bibliotecologos.pe\/wp-content\/uploads\/2022\/11\/Consejo-Directivo-Nacional-2015-2016.jpg\" alt=\"\" class=\"wp-image-1268\"\/><figcaption>De izq. a der.: Luz Teller\u00eda, Catalina Zavala, Carmen V\u00edlchez, Lilian Maura, Ana Mar\u00eda Talavera, Carlos Rojas, Emma Camacho, Emily Fajardo, Mar\u00eda Isabel Merino<\/figcaption><\/figure><\/div>\n<!-- \/wp:image -->\n\n<!-- wp:columns -->\n<div class=\"wp-block-columns\"><!-- wp:column {\"width\":\"33.33%\"} -->\n<div class=\"wp-block-column\" style=\"flex-basis:33.33%\"><\/div>\n<!-- \/wp:column -->\n\n<!-- wp:column {\"width\":\"66.66%\"} -->\n<div class=\"wp-block-column\" style=\"flex-basis:66.66%\"><!-- wp:paragraph -->\n<p>Mg. Lilian Antonieta Maura Tejeda \u2013 Decana Nacional<br>Mg. Ana Mar\u00eda Talavera Ibarra \u2013 Vice-Decana<br>Lic. Luz Amanda Teller\u00eda Segal\u00e1 \u2013 Secretaria general<br>Lic. Carmen Matilde Vilchez Polo \u2013 Direcci\u00f3n de Econom\u00eda<br>Lic. Catalina Meriluz Zavala Barrios \u2013 Direcci\u00f3n de Defensa Profesional<br>Lic. Mar\u00eda Isabel Merino G\u00f3mez \u2013 Direcci\u00f3n de Desarrollo Profesional<br>Lic. Emma del Carmen Camacho Gonzales \u2013 Direcci\u00f3n de Relaciones P\u00fablicas<br>Lic. Carlos Javier Rojas L\u00e1zaro \u2013 Direcci\u00f3n de Bienestar<br>Lic. Emily Rossana Fajardo Michelini \u2013 Direcci\u00f3n de Bibliotecas Documentaci\u00f3n e<\/p>\n<!-- \/wp:paragraph --><\/div>\n<!-- \/wp:column --><\/div>\n<!-- \/wp:columns -->\n\n<!-- wp:spacer -->\n<div style=\"height:100px\" aria-hidden=\"true\" class=\"wp-block-spacer\"><\/div>\n<!-- \/wp:spacer -->\r\n","_et_gb_content_width":"1080","_monsterinsights_skip_tracking":false,"_monsterinsights_sitenote_active":false,"_monsterinsights_sitenote_note":"","_monsterinsights_sitenote_category":0,"_joinchat":[],"footnotes":""},"_links":{"self":[{"href":"https:\/\/bibliotecologos.pe\/index.php\/wp-json\/wp\/v2\/pages\/165"}],"collection":[{"href":"https:\/\/bibliotecologos.pe\/index.php\/wp-json\/wp\/v2\/pages"}],"about":[{"href":"https:\/\/bibliotecologos.pe\/index.php\/wp-json\/wp\/v2\/types\/page"}],"author":[{"embeddable":true,"href":"https:\/\/bibliotecologos.pe\/index.php\/wp-json\/wp\/v2\/users\/4"}],"replies":[{"embeddable":true,"href":"https:\/\/bibliotecologos.pe\/index.php\/wp-json\/wp\/v2\/comments?post=165"}],"version-history":[{"count":5,"href":"https:\/\/bibliotecologos.pe\/index.php\/wp-json\/wp\/v2\/pages\/165\/revisions"}],"predecessor-version":[{"id":4653,"href":"https:\/\/bibliotecologos.pe\/index.php\/wp-json\/wp\/v2\/pages\/165\/revisions\/4653"}],"wp:attachment":[{"href":"https:\/\/bibliotecologos.pe\/index.php\/wp-json\/wp\/v2\/media?parent=165"}],"curies":[{"name":"wp","href":"https:\/\/api.w.org\/{rel}","templated":true}]}}