

{"id":1671,"date":"2023-02-15T23:02:28","date_gmt":"2023-02-15T23:02:28","guid":{"rendered":"https:\/\/bibliotecologos.pe\/?page_id=1671"},"modified":"2025-07-13T18:10:04","modified_gmt":"2025-07-13T18:10:04","slug":"consejo-directivo-nacional-2023-2024","status":"publish","type":"page","link":"https:\/\/bibliotecologos.pe\/index.php\/consejo-directivo-nacional-2023-2024\/","title":{"rendered":"Consejo Directivo Nacional 2023-2024"},"content":{"rendered":"<p>[et_pb_section fb_built=\u00bb1&#8243; _builder_version=\u00bb4.7.7&#8243; _module_preset=\u00bbdefault\u00bb][et_pb_row _builder_version=\u00bb4.7.7&#8243; _module_preset=\u00bbdefault\u00bb][et_pb_column type=\u00bb4_4&#8243; _builder_version=\u00bb4.7.7&#8243; _module_preset=\u00bbdefault\u00bb][et_pb_text _builder_version=\u00bb4.7.7&#8243; _module_preset=\u00bbdefault\u00bb]<\/p>\n<h1 style=\"text-align: center;\">Consejo Directivo Nacional 2023-2024<\/h1>\n<p>[\/et_pb_text][\/et_pb_column][\/et_pb_row][et_pb_row _builder_version=\u00bb4.7.7&#8243; _module_preset=\u00bbdefault\u00bb][et_pb_column type=\u00bb4_4&#8243; _builder_version=\u00bb4.7.7&#8243; _module_preset=\u00bbdefault\u00bb][et_pb_text _builder_version=\u00bb4.7.7&#8243; _module_preset=\u00bbdefault\u00bb]<\/p>\n<h1 style=\"text-align: center;\">Consejo Directivo Nacional 2023-2024<\/h1>\n<h1 style=\"text-align: center;\"><strong>FORTALECER EL CBP, tarea de todos<\/strong><\/h1>\n<p>[\/et_pb_text][\/et_pb_column][\/et_pb_row][et_pb_row _builder_version=\u00bb4.7.7&#8243; _module_preset=\u00bbdefault\u00bb][et_pb_column type=\u00bb4_4&#8243; _builder_version=\u00bb4.7.7&#8243; _module_preset=\u00bbdefault\u00bb][et_pb_image src=\u00bbhttps:\/\/bibliotecologos.pe\/wp-content\/uploads\/2023\/02\/fotoCBP-1.png\u00bb title_text=\u00bbfotoCBP-1&#8243; _builder_version=\u00bb4.7.7&#8243; _module_preset=\u00bbdefault\u00bb box_shadow_style=\u00bbpreset2&#8243;][\/et_pb_image][\/et_pb_column][\/et_pb_row][et_pb_row _builder_version=\u00bb4.7.7&#8243; _module_preset=\u00bbdefault\u00bb][et_pb_column type=\u00bb4_4&#8243; _builder_version=\u00bb4.7.7&#8243; _module_preset=\u00bbdefault\u00bb][et_pb_text _builder_version=\u00bb4.7.7&#8243; _module_preset=\u00bbdefault\u00bb background_color=\u00bbrgba(0,0,0,0)\u00bb text_orientation=\u00bbjustified\u00bb custom_padding=\u00bb||0px|||\u00bb]<\/p>\n<p>El d\u00eda s\u00e1bado 14 de enero en ceremonia solemne realizada en la <strong>Sala de Usos M\u00faltiples \u00abJorge Chediek\u00bb<\/strong> de la Biblioteca Nacional del Per\u00fa asume sus funciones el Consejo Directivo Nacional 2023-2024 que dirigir\u00e1 nuestra instituci\u00f3n en este bienio. El Consejo est\u00e1 conformado por profesionales que desean el fortalecimiento del gremio en toda su dimensi\u00f3n y su visibilidad ante la sociedad en su conjunto.<\/p>\n<p>&nbsp;<\/p>\n<p>[\/et_pb_text][et_pb_text _builder_version=\u00bb4.7.7&#8243; _module_preset=\u00bbdefault\u00bb module_alignment=\u00bbcenter\u00bb]<\/p>\n<p>&nbsp;<\/p>\n<table height=\"372\" style=\"width: 670.797px; margin-left: auto; margin-right: auto;\">\n<tbody>\n<tr>\n<td style=\"width: 268px; text-align: left;\">Olinda Graciela Rengifo Garc\u00eda<\/td>\n<td style=\"width: 399.797px;\">Decana<\/td>\n<\/tr>\n<tr>\n<td style=\"width: 268px;\">Henry Gabino Ch\u00e1vez S\u00e1nchez<\/td>\n<td style=\"width: 399.797px;\">Vicedecano<\/td>\n<\/tr>\n<tr>\n<td style=\"width: 268px;\">Delia Elvira C\u00f3rdova Pintado<\/td>\n<td style=\"width: 399.797px;\">Secretaria general<\/td>\n<\/tr>\n<tr>\n<td style=\"width: 268px;\">Jorge Eduardo Pineda Osorio<\/td>\n<td style=\"width: 399.797px;\">Director de Econom\u00eda<\/td>\n<\/tr>\n<tr>\n<td style=\"width: 268px;\">Mary Gloria Valle Segovia<\/td>\n<td style=\"width: 399.797px;\">Directora de Desarrollo profesional<\/td>\n<\/tr>\n<tr>\n<td style=\"width: 268px;\">Guilda Malpartida Farromeque<\/td>\n<td style=\"width: 399.797px;\">Directora de Defensa profesional<\/td>\n<\/tr>\n<tr>\n<td style=\"width: 268px;\">Mart\u00edn Alonso Estrada Cuzcano<\/td>\n<td style=\"width: 399.797px;\">Director de Relaciones P\u00fablicas<\/td>\n<\/tr>\n<tr>\n<td style=\"width: 268px;\">Soledad Isabel S\u00e1nchez Ch\u00e1vez<\/td>\n<td style=\"width: 399.797px;\">Directora de Biblioteca, Documentaci\u00f3n e informaci\u00f3n<\/td>\n<\/tr>\n<tr>\n<td style=\"width: 268px;\">Ada Jes\u00fas Rengifo Garc\u00eda<\/td>\n<td style=\"width: 399.797px;\">Directora de Bienestar<\/td>\n<\/tr>\n<\/tbody>\n<\/table>\n<p>[\/et_pb_text][\/et_pb_column][\/et_pb_row][et_pb_row column_structure=\u00bb1_2,1_2&#8243; _builder_version=\u00bb4.7.7&#8243; _module_preset=\u00bbdefault\u00bb module_alignment=\u00bbcenter\u00bb][et_pb_column type=\u00bb1_2&#8243; _builder_version=\u00bb4.7.7&#8243; _module_preset=\u00bbdefault\u00bb][et_pb_image src=\u00bbhttps:\/\/bibliotecologos.pe\/wp-content\/uploads\/2023\/02\/Graciela-Rengifo.png\u00bb title_text=\u00bbGraciela Rengifo\u00bb _builder_version=\u00bb4.7.7&#8243; _module_preset=\u00bbdefault\u00bb height=\u00bb200px\u00bb box_shadow_style=\u00bbpreset2&#8243;][\/et_pb_image][et_pb_text _builder_version=\u00bb4.7.7&#8243; _module_preset=\u00bbdefault\u00bb]<\/p>\n<p style=\"text-align: center;\">Graciela Rengifo<\/p>\n<p style=\"text-align: center;\"><strong>Decana<\/strong><\/p>\n<p>[\/et_pb_text][\/et_pb_column][et_pb_column type=\u00bb1_2&#8243; _builder_version=\u00bb4.7.7&#8243; _module_preset=\u00bbdefault\u00bb][et_pb_image src=\u00bbhttps:\/\/bibliotecologos.pe\/wp-content\/uploads\/2023\/02\/Henry-Chavez.png\u00bb title_text=\u00bbHenry Ch\u00e1vez\u00bb _builder_version=\u00bb4.7.7&#8243; _module_preset=\u00bbdefault\u00bb height=\u00bb200px\u00bb box_shadow_style=\u00bbpreset2&#8243;][\/et_pb_image][et_pb_text _builder_version=\u00bb4.7.7&#8243; _module_preset=\u00bbdefault\u00bb]<\/p>\n<p style=\"text-align: center;\">Henry Ch\u00e1vez<\/p>\n<p style=\"text-align: center;\"><strong>Vicedecano<\/strong><\/p>\n<p>[\/et_pb_text][\/et_pb_column][\/et_pb_row][et_pb_row column_structure=\u00bb1_4,1_4,1_4,1_4&#8243; _builder_version=\u00bb4.7.7&#8243; _module_preset=\u00bbdefault\u00bb][et_pb_column type=\u00bb1_4&#8243; _builder_version=\u00bb4.7.7&#8243; _module_preset=\u00bbdefault\u00bb][et_pb_image src=\u00bbhttps:\/\/bibliotecologos.pe\/wp-content\/uploads\/2023\/02\/Delia-Cordova.png\u00bb title_text=\u00bbDelia C\u00f3rdova\u00bb _builder_version=\u00bb4.7.7&#8243; _module_preset=\u00bbdefault\u00bb height=\u00bb220px\u00bb box_shadow_style=\u00bbpreset2&#8243;][\/et_pb_image][et_pb_text _builder_version=\u00bb4.7.7&#8243; _module_preset=\u00bbdefault\u00bb]<\/p>\n<p style=\"text-align: center;\"><span style=\"font-size: 14px;\">Delia C\u00f3rdova<\/span><\/p>\n<p style=\"text-align: center;\"><strong>Secretaria general<\/strong><\/p>\n<p>[\/et_pb_text][\/et_pb_column][et_pb_column type=\u00bb1_4&#8243; _builder_version=\u00bb4.7.7&#8243; _module_preset=\u00bbdefault\u00bb][et_pb_image src=\u00bbhttps:\/\/bibliotecologos.pe\/wp-content\/uploads\/2023\/02\/Jorge-Pineda.png\u00bb title_text=\u00bbJorge Pineda\u00bb _builder_version=\u00bb4.7.7&#8243; _module_preset=\u00bbdefault\u00bb max_height=\u00bb300px\u00bb box_shadow_style=\u00bbpreset2&#8243;][\/et_pb_image][et_pb_text _builder_version=\u00bb4.7.7&#8243; _module_preset=\u00bbdefault\u00bb]<\/p>\n<p style=\"text-align: center;\"><span style=\"font-size: 14px;\">Jorge Pineda<\/span><\/p>\n<p style=\"text-align: center;\"><strong>Director de Econom\u00eda<\/strong><\/p>\n<p>[\/et_pb_text][\/et_pb_column][et_pb_column type=\u00bb1_4&#8243; _builder_version=\u00bb4.7.7&#8243; _module_preset=\u00bbdefault\u00bb][et_pb_image src=\u00bbhttps:\/\/bibliotecologos.pe\/wp-content\/uploads\/2023\/02\/Ada-Rengifo.png\u00bb title_text=\u00bbAda Rengifo\u00bb _builder_version=\u00bb4.7.7&#8243; _module_preset=\u00bbdefault\u00bb height=\u00bb220px\u00bb box_shadow_style=\u00bbpreset2&#8243;][\/et_pb_image][et_pb_text _builder_version=\u00bb4.7.7&#8243; _module_preset=\u00bbdefault\u00bb]<\/p>\n<p style=\"text-align: center;\"><span style=\"font-size: 14px;\">Ada Rengifo<\/span><\/p>\n<p style=\"text-align: center;\"><strong>Directora de Bienestar<\/strong><\/p>\n<p>[\/et_pb_text][\/et_pb_column][et_pb_column type=\u00bb1_4&#8243; _builder_version=\u00bb4.7.7&#8243; _module_preset=\u00bbdefault\u00bb][et_pb_image src=\u00bbhttps:\/\/bibliotecologos.pe\/wp-content\/uploads\/2023\/02\/Isabel-Sanchez.png\u00bb title_text=\u00bbIsabel S\u00e1nchez\u00bb _builder_version=\u00bb4.7.7&#8243; _module_preset=\u00bbdefault\u00bb height=\u00bb220px\u00bb box_shadow_style=\u00bbpreset2&#8243;][\/et_pb_image][et_pb_text _builder_version=\u00bb4.7.7&#8243; _module_preset=\u00bbdefault\u00bb]<\/p>\n<p style=\"text-align: center;\"><span style=\"font-size: 14px;\">Isabel S\u00e1nchez<\/span><\/p>\n<p style=\"text-align: center;\"><strong>Directora de Biblioteca, Documentaci\u00f3n e Informaci\u00f3n<\/strong><\/p>\n<p>[\/et_pb_text][\/et_pb_column][\/et_pb_row][\/et_pb_section]<\/p>\n","protected":false},"excerpt":{"rendered":"<p>[et_pb_section fb_built=\u00bb1&#8243; _builder_version=\u00bb4.7.7&#8243; _module_preset=\u00bbdefault\u00bb][et_pb_row _builder_version=\u00bb4.7.7&#8243; _module_preset=\u00bbdefault\u00bb][et_pb_column type=\u00bb4_4&#8243; _builder_version=\u00bb4.7.7&#8243; _module_preset=\u00bbdefault\u00bb][et_pb_text _builder_version=\u00bb4.7.7&#8243; _module_preset=\u00bbdefault\u00bb] Consejo Directivo Nacional 2023-2024 [\/et_pb_text][\/et_pb_column][\/et_pb_row][et_pb_row _builder_version=\u00bb4.7.7&#8243; _module_preset=\u00bbdefault\u00bb][et_pb_column type=\u00bb4_4&#8243; _builder_version=\u00bb4.7.7&#8243; _module_preset=\u00bbdefault\u00bb][et_pb_text _builder_version=\u00bb4.7.7&#8243; _module_preset=\u00bbdefault\u00bb] Consejo Directivo Nacional 2023-2024 FORTALECER EL CBP, tarea de todos [\/et_pb_text][\/et_pb_column][\/et_pb_row][et_pb_row _builder_version=\u00bb4.7.7&#8243; _module_preset=\u00bbdefault\u00bb][et_pb_column type=\u00bb4_4&#8243; _builder_version=\u00bb4.7.7&#8243; _module_preset=\u00bbdefault\u00bb][et_pb_image src=\u00bbhttps:\/\/bibliotecologos.pe\/wp-content\/uploads\/2023\/02\/fotoCBP-1.png\u00bb title_text=\u00bbfotoCBP-1&#8243; _builder_version=\u00bb4.7.7&#8243; _module_preset=\u00bbdefault\u00bb box_shadow_style=\u00bbpreset2&#8243;][\/et_pb_image][\/et_pb_column][\/et_pb_row][et_pb_row _builder_version=\u00bb4.7.7&#8243; _module_preset=\u00bbdefault\u00bb][et_pb_column type=\u00bb4_4&#8243; _builder_version=\u00bb4.7.7&#8243; _module_preset=\u00bbdefault\u00bb][et_pb_text _builder_version=\u00bb4.7.7&#8243; _module_preset=\u00bbdefault\u00bb background_color=\u00bbrgba(0,0,0,0)\u00bb text_orientation=\u00bbjustified\u00bb custom_padding=\u00bb||0px|||\u00bb] El [&hellip;]<\/p>\n","protected":false},"author":4,"featured_media":0,"parent":0,"menu_order":0,"comment_status":"closed","ping_status":"closed","template":"","meta":{"_et_pb_use_builder":"on","_et_pb_old_content":"","_et_gb_content_width":"","_monsterinsights_skip_tracking":false,"_monsterinsights_sitenote_active":false,"_monsterinsights_sitenote_note":"","_monsterinsights_sitenote_category":0,"_joinchat":[],"footnotes":""},"_links":{"self":[{"href":"https:\/\/bibliotecologos.pe\/index.php\/wp-json\/wp\/v2\/pages\/1671"}],"collection":[{"href":"https:\/\/bibliotecologos.pe\/index.php\/wp-json\/wp\/v2\/pages"}],"about":[{"href":"https:\/\/bibliotecologos.pe\/index.php\/wp-json\/wp\/v2\/types\/page"}],"author":[{"embeddable":true,"href":"https:\/\/bibliotecologos.pe\/index.php\/wp-json\/wp\/v2\/users\/4"}],"replies":[{"embeddable":true,"href":"https:\/\/bibliotecologos.pe\/index.php\/wp-json\/wp\/v2\/comments?post=1671"}],"version-history":[{"count":23,"href":"https:\/\/bibliotecologos.pe\/index.php\/wp-json\/wp\/v2\/pages\/1671\/revisions"}],"predecessor-version":[{"id":1713,"href":"https:\/\/bibliotecologos.pe\/index.php\/wp-json\/wp\/v2\/pages\/1671\/revisions\/1713"}],"wp:attachment":[{"href":"https:\/\/bibliotecologos.pe\/index.php\/wp-json\/wp\/v2\/media?parent=1671"}],"curies":[{"name":"wp","href":"https:\/\/api.w.org\/{rel}","templated":true}]}}