

{"id":20,"date":"2022-04-22T17:49:44","date_gmt":"2022-04-22T17:49:44","guid":{"rendered":"http:\/\/bibliotecademo.xn--construyendotussueos-l7b.com\/?page_id=20"},"modified":"2025-08-08T21:13:27","modified_gmt":"2025-08-08T21:13:27","slug":"quienes-somos","status":"publish","type":"page","link":"https:\/\/bibliotecologos.pe\/index.php\/quienes-somos\/","title":{"rendered":"\u00bfQui\u00e9nes somos?"},"content":{"rendered":"<p>[et_pb_section fb_built=\u00bb1&#8243; _builder_version=\u00bb4.7.7&#8243; _module_preset=\u00bbdefault\u00bb][et_pb_row _builder_version=\u00bb4.7.7&#8243; _module_preset=\u00bbdefault\u00bb][et_pb_column _builder_version=\u00bb4.7.7&#8243; _module_preset=\u00bbdefault\u00bb type=\u00bb4_4&#8243;][et_pb_text _builder_version=\u00bb4.7.7&#8243; _module_preset=\u00bbdefault\u00bb hover_enabled=\u00bb0&#8243; sticky_enabled=\u00bb0&#8243;]<\/p>\n<h1>\u00bfQuienes somos?<\/h1>\n<p>[\/et_pb_text][\/et_pb_column][\/et_pb_row][et_pb_row _builder_version=\u00bb4.7.7&#8243; _module_preset=\u00bbdefault\u00bb][et_pb_column _builder_version=\u00bb4.7.7&#8243; _module_preset=\u00bbdefault\u00bb type=\u00bb4_4&#8243;][et_pb_text _builder_version=\u00bb4.7.7&#8243; _module_preset=\u00bbdefault\u00bb hover_enabled=\u00bb0&#8243; sticky_enabled=\u00bb0&#8243;]<\/p>\n<p>El Colegio de Bibliotec\u00f3logos del Per\u00fa (CBP) es la instituci\u00f3n gremial que representa y agrupa a los profesionales de la informaci\u00f3n en nuestro pa\u00eds. Somos la voz de los bibliotec\u00f3logos del Per\u00fa, y estamos comprometidos con el desarrollo de la sociedad peruana a trav\u00e9s de la promoci\u00f3n del acceso a la informaci\u00f3n y el conocimiento en el marco legal que respalda nuestro ejercicio profesional.<\/p>\n<p>[\/et_pb_text][\/et_pb_column][\/et_pb_row][et_pb_row _builder_version=\u00bb4.7.7&#8243; _module_preset=\u00bbdefault\u00bb][et_pb_column _builder_version=\u00bb4.7.7&#8243; _module_preset=\u00bbdefault\u00bb type=\u00bb4_4&#8243;][et_pb_image src=\u00bbhttps:\/\/bibliotecologos.pe\/wp-content\/uploads\/2023\/02\/Graciela-Rengifo-juramentacion.jpg\u00bb _builder_version=\u00bb4.7.7&#8243; _module_preset=\u00bbdefault\u00bb title_text=\u00bbGraciela Rengifo juramentaci\u00f3n\u00bb hover_enabled=\u00bb0&#8243; sticky_enabled=\u00bb0&#8243;][\/et_pb_image][\/et_pb_column][\/et_pb_row][et_pb_row _builder_version=\u00bb4.7.7&#8243; _module_preset=\u00bbdefault\u00bb][et_pb_column _builder_version=\u00bb4.7.7&#8243; _module_preset=\u00bbdefault\u00bb type=\u00bb4_4&#8243;][et_pb_text _builder_version=\u00bb4.7.7&#8243; _module_preset=\u00bbdefault\u00bb hover_enabled=\u00bb0&#8243; sticky_enabled=\u00bb0&#8243;]<\/p>\n<p><strong>Nuestra Misi\u00f3n:<\/strong><\/p>\n<p>Representar a los profesionales de la Bibliotecolog\u00eda y las Ciencias de la Informaci\u00f3n, a trav\u00e9s del desarrollo de sus miembros en aspectos acad\u00e9micos, sociales y \u00e9ticos, de acuerdo a los derechos universales de libertad de acceso a la informaci\u00f3n, educaci\u00f3n y cultura.<\/p>\n<p><strong>Nuestra Visi\u00f3n:<\/strong><\/p>\n<p>Ser la instituci\u00f3n l\u00edder en la defensa y desarrollo de la actividad bibliotecol\u00f3gica, consolidando su aporte en la sociedad como gestor y promotor de pol\u00edticas que contribuyan a la democratizaci\u00f3n de la informaci\u00f3n.<\/p>\n<p><strong>\u00bfPor qu\u00e9 formar parte del CBP?<\/strong><\/p>\n<ul>\n<li>Networking: Conecta con una amplia red de profesionales de la informaci\u00f3n.<\/li>\n<li>Desarrollo profesional: Accede a una variedad de cursos, talleres y eventos para actualizar tus conocimientos.<\/li>\n<li>Defensa profesional: Contamos con un equipo legal que te asesorar\u00e1 en cualquier situaci\u00f3n relacionada con tu ejercicio profesional.<\/li>\n<li>Participaci\u00f3n activa: S\u00e9 parte de las decisiones que afectan a nuestra profesi\u00f3n y contribuye al desarrollo de nuestra instituci\u00f3n.<\/li>\n<\/ul>\n<p><strong>Nuestros Valores:<\/strong><\/p>\n<ul>\n<li>\u00c9tica: Actuamos con integridad y transparencia en todas nuestras acciones.<\/li>\n<li>Excelencia: Buscamos la mejora continua en todos los \u00e1mbitos de nuestra labor.<\/li>\n<li>Solidaridad: Fomentamos el trabajo en equipo y la colaboraci\u00f3n entre los colegiados.<\/li>\n<li>Innovaci\u00f3n: Estamos abiertos a nuevas ideas y tecnolog\u00edas para mejorar los servicios de informaci\u00f3n.<\/li>\n<\/ul>\n<p><em><strong>\u00a1\u00danete a nuestra comunidad!<\/strong><\/em><\/p>\n<p>Si eres un bibliotecario, documentalista o archivista, te invitamos a formar parte del Colegio de Bibliotec\u00f3logos del Per\u00fa. Juntos podemos construir un futuro mejor para nuestra profesi\u00f3n y para el pa\u00eds.<\/p>\n<p>[\/et_pb_text][\/et_pb_column][\/et_pb_row][\/et_pb_section]<\/p>\n","protected":false},"excerpt":{"rendered":"<p>[et_pb_section fb_built=\u00bb1&#8243; _builder_version=\u00bb4.7.7&#8243; _module_preset=\u00bbdefault\u00bb][et_pb_row _builder_version=\u00bb4.7.7&#8243; _module_preset=\u00bbdefault\u00bb][et_pb_column _builder_version=\u00bb4.7.7&#8243; _module_preset=\u00bbdefault\u00bb type=\u00bb4_4&#8243;][et_pb_text _builder_version=\u00bb4.7.7&#8243; _module_preset=\u00bbdefault\u00bb hover_enabled=\u00bb0&#8243; sticky_enabled=\u00bb0&#8243;] \u00bfQuienes somos? [\/et_pb_text][\/et_pb_column][\/et_pb_row][et_pb_row _builder_version=\u00bb4.7.7&#8243; _module_preset=\u00bbdefault\u00bb][et_pb_column _builder_version=\u00bb4.7.7&#8243; _module_preset=\u00bbdefault\u00bb type=\u00bb4_4&#8243;][et_pb_text _builder_version=\u00bb4.7.7&#8243; _module_preset=\u00bbdefault\u00bb hover_enabled=\u00bb0&#8243; sticky_enabled=\u00bb0&#8243;] El Colegio de Bibliotec\u00f3logos del Per\u00fa (CBP) es la instituci\u00f3n gremial que representa y agrupa a los profesionales de la informaci\u00f3n en nuestro pa\u00eds. Somos la voz de los bibliotec\u00f3logos [&hellip;]<\/p>\n","protected":false},"author":4,"featured_media":0,"parent":0,"menu_order":0,"comment_status":"closed","ping_status":"closed","template":"","meta":{"_et_pb_use_builder":"on","_et_pb_old_content":"<!-- wp:paragraph -->\n<p>El Colegio de Bibliotec\u00f3logos del Per\u00fa (CBP) es la instituci\u00f3n gremial que representa y agrupa a los profesionales de la informaci\u00f3n en nuestro pa\u00eds. Somos la voz de los bibliotecarios, documentalistas y archiveros, comprometidos con el desarrollo de la sociedad peruana a trav\u00e9s de la promoci\u00f3n del acceso a la informaci\u00f3n y el conocimiento.<\/p>\n<!-- \/wp:paragraph -->\n\n<!-- wp:image {\"align\":\"center\",\"id\":1753,\"sizeSlug\":\"full\",\"linkDestination\":\"none\",\"className\":\"is-style-default\"} -->\n<figure class=\"wp-block-image aligncenter size-full is-style-default\"><img src=\"https:\/\/bibliotecologos.pe\/wp-content\/uploads\/2023\/02\/Graciela-Rengifo-juramentacion.jpg\" alt=\"\" class=\"wp-image-1753\"\/><\/figure>\n<!-- \/wp:image -->\n\n<!-- wp:paragraph -->\n<p><\/p>\n<!-- \/wp:paragraph -->\n\n<!-- wp:paragraph -->\n<p><strong>Nuestra Misi\u00f3n:<\/strong><\/p>\n<!-- \/wp:paragraph -->\n\n<!-- wp:list -->\n<ul><!-- wp:list-item -->\n<li>Representar a los profesionales de la Bibliotecolog\u00eda y las Ciencias de la Informaci\u00f3n, a trav\u00e9s del desarrollo de sus miembros en aspectos acad\u00e9micos, sociales y \u00e9ticos, de acuerdo a los derechos universales de libertad de acceso a la informaci\u00f3n, educaci\u00f3n y cultura.<\/li>\n<!-- \/wp:list-item --><\/ul>\n<!-- \/wp:list -->\n\n<!-- wp:paragraph -->\n<p><br><strong>Nuestra Visi\u00f3n:<\/strong><\/p>\n<!-- \/wp:paragraph -->\n\n<!-- wp:list -->\n<ul><!-- wp:list-item -->\n<li>Ser la instituci\u00f3n l\u00edder en la defensa y desarrollo de la actividad bibliotecol\u00f3gica, consolidando su aporte en la sociedad como gestor y promotor de pol\u00edticas que contribuyan a la democratizaci\u00f3n de la informaci\u00f3n.<\/li>\n<!-- \/wp:list-item --><\/ul>\n<!-- \/wp:list -->\n\n<!-- wp:paragraph -->\n<p><strong>\u00bfPor qu\u00e9 formar parte del CBP?<\/strong><\/p>\n<!-- \/wp:paragraph -->\n\n<!-- wp:list -->\n<ul><!-- wp:list-item -->\n<li>Networking: Conecta con una amplia red de profesionales de la informaci\u00f3n.<\/li>\n<!-- \/wp:list-item -->\n\n<!-- wp:list-item -->\n<li>Desarrollo profesional: Accede a una variedad de cursos, talleres y eventos para actualizar tus conocimientos.<\/li>\n<!-- \/wp:list-item -->\n\n<!-- wp:list-item -->\n<li>Defensa profesional: Contamos con un equipo legal que te asesorar\u00e1 en cualquier situaci\u00f3n relacionada con tu ejercicio profesional.<\/li>\n<!-- \/wp:list-item -->\n\n<!-- wp:list-item -->\n<li>Participaci\u00f3n activa: S\u00e9 parte de las decisiones que afectan a nuestra profesi\u00f3n y contribuye al desarrollo de nuestra instituci\u00f3n.<\/li>\n<!-- \/wp:list-item --><\/ul>\n<!-- \/wp:list -->\n\n<!-- wp:paragraph -->\n<p><strong>Nuestros Valores:<\/strong><\/p>\n<!-- \/wp:paragraph -->\n\n<!-- wp:list -->\n<ul><!-- wp:list-item -->\n<li>\u00c9tica: Actuamos con integridad y transparencia en todas nuestras acciones.<\/li>\n<!-- \/wp:list-item -->\n\n<!-- wp:list-item -->\n<li>Excelencia: Buscamos la mejora continua en todos los \u00e1mbitos de nuestra labor.<\/li>\n<!-- \/wp:list-item -->\n\n<!-- wp:list-item -->\n<li>Solidaridad: Fomentamos el trabajo en equipo y la colaboraci\u00f3n entre los colegiados.<\/li>\n<!-- \/wp:list-item -->\n\n<!-- wp:list-item -->\n<li>Innovaci\u00f3n: Estamos abiertos a nuevas ideas y tecnolog\u00edas para mejorar los servicios de informaci\u00f3n.<\/li>\n<!-- \/wp:list-item --><\/ul>\n<!-- \/wp:list -->\n\n<!-- wp:paragraph -->\n<p>\u00a1\u00danete a nuestra comunidad!<\/p>\n<!-- \/wp:paragraph -->\n\n<!-- wp:paragraph -->\n<p>Si eres un bibliotecario, documentalista o archivista, te invitamos a formar parte del Colegio de Bibliotec\u00f3logos del Per\u00fa. Juntos podemos construir un futuro mejor para nuestra profesi\u00f3n y para el pa\u00eds.<\/p>\n<!-- \/wp:paragraph -->\n\n<!-- wp:paragraph -->\n<p><\/p>\n<!-- \/wp:paragraph -->\n\n<!-- wp:paragraph -->\n<p><\/p>\n<!-- \/wp:paragraph -->\n\n<!-- wp:paragraph -->\n<p><\/p>\n<!-- \/wp:paragraph -->","_et_gb_content_width":"1080","_monsterinsights_skip_tracking":false,"_monsterinsights_sitenote_active":false,"_monsterinsights_sitenote_note":"","_monsterinsights_sitenote_category":0,"_joinchat":[],"footnotes":""},"_links":{"self":[{"href":"https:\/\/bibliotecologos.pe\/index.php\/wp-json\/wp\/v2\/pages\/20"}],"collection":[{"href":"https:\/\/bibliotecologos.pe\/index.php\/wp-json\/wp\/v2\/pages"}],"about":[{"href":"https:\/\/bibliotecologos.pe\/index.php\/wp-json\/wp\/v2\/types\/page"}],"author":[{"embeddable":true,"href":"https:\/\/bibliotecologos.pe\/index.php\/wp-json\/wp\/v2\/users\/4"}],"replies":[{"embeddable":true,"href":"https:\/\/bibliotecologos.pe\/index.php\/wp-json\/wp\/v2\/comments?post=20"}],"version-history":[{"count":9,"href":"https:\/\/bibliotecologos.pe\/index.php\/wp-json\/wp\/v2\/pages\/20\/revisions"}],"predecessor-version":[{"id":4874,"href":"https:\/\/bibliotecologos.pe\/index.php\/wp-json\/wp\/v2\/pages\/20\/revisions\/4874"}],"wp:attachment":[{"href":"https:\/\/bibliotecologos.pe\/index.php\/wp-json\/wp\/v2\/media?parent=20"}],"curies":[{"name":"wp","href":"https:\/\/api.w.org\/{rel}","templated":true}]}}